{"id":282,"date":"2020-09-23T17:12:23","date_gmt":"2020-09-23T15:12:23","guid":{"rendered":"https:\/\/metzgereivogel.de\/?page_id=282"},"modified":"2024-11-19T08:35:36","modified_gmt":"2024-11-19T07:35:36","slug":"metzgerei","status":"publish","type":"page","link":"https:\/\/metzgereivogel.de\/?page_id=282","title":{"rendered":"Metzgerei"},"content":{"rendered":"<p>[et_pb_section fb_built=&#8220;1&#8243; admin_label=&#8220;Hero Section&#8220; _builder_version=&#8220;4.27.3&#8243; background_color_gradient_direction=&#8220;131deg&#8220; background_image=&#8220;https:\/\/metzgereivogel.de\/wp-content\/uploads\/2020\/09\/FleischWurstTheke_3_2_006-scaled.jpg&#8220; custom_padding=&#8220;233px|0px|5px|0px||&#8220; animation_style=&#8220;slide&#8220; animation_direction=&#8220;top&#8220; animation_intensity_slide=&#8220;2%&#8220; animation_starting_opacity=&#8220;100%&#8220; hover_enabled=&#8220;0&#8243; global_colors_info=&#8220;{}&#8220; min_height=&#8220;644px&#8220; sticky_enabled=&#8220;0&#8243;][\/et_pb_section][et_pb_section fb_built=&#8220;1&#8243; admin_label=&#8220;About Us &#8220; _builder_version=&#8220;4.16&#8243; min_height=&#8220;872px&#8220; custom_padding=&#8220;0px|0px|14px|0px||&#8220; global_colors_info=&#8220;{}&#8220; custom_margin=&#8220;55px|||||&#8220;][et_pb_row _builder_version=&#8220;4.16&#8243; _module_preset=&#8220;default&#8220; custom_padding=&#8220;5px||0px|||&#8220; global_colors_info=&#8220;{}&#8220;][et_pb_column type=&#8220;4_4&#8243; _builder_version=&#8220;4.16&#8243; _module_preset=&#8220;default&#8220; global_colors_info=&#8220;{}&#8220;][et_pb_text _builder_version=&#8220;4.16&#8243; _module_preset=&#8220;default&#8220; header_font=&#8220;|||||on|||&#8220; header_font_size=&#8220;35px&#8220; global_colors_info=&#8220;{}&#8220;]<\/p>\n<h1 style=\"text-align: center;\">Unser Betrieb in Ursulapoppenricht<\/h1>\n<p>[\/et_pb_text][\/et_pb_column][\/et_pb_row][et_pb_row column_structure=&#8220;1_2,1_2&#8243; _builder_version=&#8220;4.16&#8243; _module_preset=&#8220;default&#8220; global_colors_info=&#8220;{}&#8220;][et_pb_column type=&#8220;1_2&#8243; _builder_version=&#8220;4.16&#8243; _module_preset=&#8220;default&#8220; global_colors_info=&#8220;{}&#8220;][et_pb_image src=&#8220;https:\/\/metzgereivogel.de\/wp-content\/uploads\/2020\/09\/1650.jpg&#8220; title_text=&#8220;Unser Betrieb in Ursulapoppenricht&#8220; force_fullwidth=&#8220;on&#8220; _builder_version=&#8220;4.16&#8243; _module_preset=&#8220;default&#8220; custom_margin=&#8220;-14px|||||&#8220; custom_padding=&#8220;0px|||||&#8220; global_colors_info=&#8220;{}&#8220;][\/et_pb_image][\/et_pb_column][et_pb_column type=&#8220;1_2&#8243; _builder_version=&#8220;4.16&#8243; _module_preset=&#8220;default&#8220; global_colors_info=&#8220;{}&#8220;][et_pb_text _builder_version=&#8220;4.16&#8243; _module_preset=&#8220;default&#8220; header_text_align=&#8220;center&#8220; header_text_color=&#8220;#0c71c3&#8243; custom_margin=&#8220;-20px|||||&#8220; global_colors_info=&#8220;{}&#8220;]<\/p>\n<p style=\"text-align: justify;\">Wir fertigen nach alter Tradition seit \u00fcber 70 Jahren in der 3. Generation Fleisch- und Wurstspezialit\u00e4ten.<br \/> Die hohe Qualit\u00e4t unserer Produkte, der feine Geschmack und die gro\u00dfe Auswahl an regionalen Spezialit\u00e4ten, haben uns bekannt gemacht. Mit viel Liebe &amp; Sorgfalt gehen wir unserem Handwerk nach und sorgen daf\u00fcr, dass der Genuss und die Zufriedenheit unserer Kunden immer an erster Stelle stehen.<\/p>\n<p>[\/et_pb_text][\/et_pb_column][\/et_pb_row][et_pb_row column_structure=&#8220;1_4,1_4,1_4,1_4&#8243; _builder_version=&#8220;4.16&#8243; _module_preset=&#8220;default&#8220; global_colors_info=&#8220;{}&#8220;][et_pb_column type=&#8220;1_4&#8243; _builder_version=&#8220;4.16&#8243; _module_preset=&#8220;default&#8220; global_colors_info=&#8220;{}&#8220;][et_pb_image src=&#8220;https:\/\/metzgereivogel.de\/wp-content\/uploads\/2020\/09\/Wurst_3_2_Metzgeei001-scaled.jpg&#8220; title_text=&#8220;Verschiedene Sorten Aufschnitt&#8220; align=&#8220;center&#8220; _builder_version=&#8220;4.16&#8243; _module_preset=&#8220;default&#8220; width=&#8220;92%&#8220; max_width=&#8220;100%&#8220; module_alignment=&#8220;center&#8220; global_colors_info=&#8220;{}&#8220;][\/et_pb_image][\/et_pb_column][et_pb_column type=&#8220;1_4&#8243; _builder_version=&#8220;4.16&#8243; _module_preset=&#8220;default&#8220; global_colors_info=&#8220;{}&#8220;][et_pb_image src=&#8220;https:\/\/metzgereivogel.de\/wp-content\/uploads\/2020\/09\/kocher_3_2_Metzgeei005.jpg&#8220; title_text=&#8220;Leberk\u00e4s&#8220; align=&#8220;center&#8220; _builder_version=&#8220;4.16&#8243; _module_preset=&#8220;default&#8220; global_colors_info=&#8220;{}&#8220;][\/et_pb_image][\/et_pb_column][et_pb_column type=&#8220;1_4&#8243; _builder_version=&#8220;4.16&#8243; _module_preset=&#8220;default&#8220; global_colors_info=&#8220;{}&#8220;][et_pb_image src=&#8220;https:\/\/metzgereivogel.de\/wp-content\/uploads\/2020\/09\/kocher_3_2_Metzgeei003.jpg&#8220; title_text=&#8220;G\u00f6ttinger, Bierschinken usw.&#8220; align=&#8220;center&#8220; force_fullwidth=&#8220;on&#8220; _builder_version=&#8220;4.16&#8243; _module_preset=&#8220;default&#8220; module_alignment=&#8220;center&#8220; global_colors_info=&#8220;{}&#8220;][\/et_pb_image][\/et_pb_column][et_pb_column type=&#8220;1_4&#8243; _builder_version=&#8220;4.16&#8243; _module_preset=&#8220;default&#8220; global_colors_info=&#8220;{}&#8220;][et_pb_image src=&#8220;https:\/\/metzgereivogel.de\/wp-content\/uploads\/2020\/09\/Jagdwurst_3_2_Metzgeei028-scaled.jpg&#8220; title_text=&#8220;Jagdwurst in Mengen&#8220; align=&#8220;center&#8220; _builder_version=&#8220;4.16&#8243; _module_preset=&#8220;default&#8220; global_colors_info=&#8220;{}&#8220;][\/et_pb_image][\/et_pb_column][\/et_pb_row][et_pb_row _builder_version=&#8220;4.16&#8243; _module_preset=&#8220;default&#8220; global_colors_info=&#8220;{}&#8220;][et_pb_column type=&#8220;4_4&#8243; _builder_version=&#8220;4.16&#8243; _module_preset=&#8220;default&#8220; global_colors_info=&#8220;{}&#8220;][et_pb_divider _builder_version=&#8220;4.16&#8243; _module_preset=&#8220;default&#8220; global_colors_info=&#8220;{}&#8220;][\/et_pb_divider][\/et_pb_column][\/et_pb_row][et_pb_row column_structure=&#8220;1_4,3_4&#8243; _builder_version=&#8220;4.16&#8243; _module_preset=&#8220;default&#8220; global_colors_info=&#8220;{}&#8220;][et_pb_column type=&#8220;1_4&#8243; _builder_version=&#8220;4.16&#8243; _module_preset=&#8220;default&#8220; global_colors_info=&#8220;{}&#8220;][et_pb_image src=&#8220;https:\/\/metzgereivogel.de\/wp-content\/uploads\/2020\/09\/Schinken.jpg&#8220; title_text=&#8220;Schinken&#8220; align=&#8220;center&#8220; _builder_version=&#8220;4.16&#8243; _module_preset=&#8220;default&#8220; border_radii=&#8220;on|6px|6px|6px|6px&#8220; border_width_all=&#8220;8px&#8220; border_color_all=&#8220;rgba(163,163,163,0.14)&#8220; global_colors_info=&#8220;{}&#8220;][\/et_pb_image][\/et_pb_column][et_pb_column type=&#8220;3_4&#8243; _builder_version=&#8220;4.16&#8243; _module_preset=&#8220;default&#8220; global_colors_info=&#8220;{}&#8220;][et_pb_text _builder_version=&#8220;4.16&#8243; _module_preset=&#8220;default&#8220; text_line_height=&#8220;2.1em&#8220; header_font=&#8220;|||||on|||&#8220; custom_padding=&#8220;30px|||||&#8220; global_colors_info=&#8220;{}&#8220;]<\/p>\n<h1 style=\"text-align: center;\">Qualit\u00e4t ist uns wichtig<\/h1>\n<p style=\"text-align: center;\">Unsere Schlachttiere stammen allesamt von Bauern unseres Vertrauens, f\u00fcr die Wachstumsbeschleuniger und chemische Proteinfutterzus\u00e4tze ein Fremdwort sind.<br \/> Naturbelassene Haltung und nat\u00fcrliche F\u00fctterung sind der Grundstein f\u00fcr unsere Qualit\u00e4t.<\/p>\n<p>[\/et_pb_text][\/et_pb_column][\/et_pb_row][\/et_pb_section][et_pb_section fb_built=&#8220;1&#8243; admin_label=&#8220;Featured Products&#8220; _builder_version=&#8220;4.16&#8243; background_color=&#8220;#d6d6d6&#8243; custom_padding=&#8220;11px||0px|||&#8220; global_colors_info=&#8220;{}&#8220;][et_pb_row _builder_version=&#8220;4.16&#8243; global_colors_info=&#8220;{}&#8220;][et_pb_column type=&#8220;4_4&#8243; _builder_version=&#8220;4.16&#8243; custom_padding=&#8220;|||&#8220; global_colors_info=&#8220;{}&#8220; custom_padding__hover=&#8220;|||&#8220;][et_pb_text _builder_version=&#8220;4.16&#8243; text_font=&#8220;||||||||&#8220; header_font=&#8220;||||||||&#8220; header_2_font=&#8220;Playfair Display|700||||on|||&#8220; header_2_text_align=&#8220;center&#8220; header_2_text_color=&#8220;#2b2b2b&#8220; header_2_font_size=&#8220;42px&#8220; header_2_line_height=&#8220;1.5em&#8220; text_orientation=&#8220;center&#8220; module_alignment=&#8220;center&#8220; custom_margin=&#8220;||10px|&#8220; locked=&#8220;off&#8220; global_colors_info=&#8220;{}&#8220;]<\/p>\n<h2>Auszeichnungen<\/h2>\n<p>[\/et_pb_text][et_pb_divider color=&#8220;#f7d584&#8243; divider_weight=&#8220;3px&#8220; disabled_on=&#8220;on|on|off&#8220; _builder_version=&#8220;4.16&#8243; max_width=&#8220;80px&#8220; module_alignment=&#8220;center&#8220; height=&#8220;10px&#8220; custom_margin=&#8220;||20px|&#8220; animation_style=&#8220;slide&#8220; animation_direction=&#8220;bottom&#8220; saved_tabs=&#8220;all&#8220; locked=&#8220;off&#8220; global_colors_info=&#8220;{}&#8220;][\/et_pb_divider][et_pb_text _builder_version=&#8220;4.16&#8243; text_font=&#8220;Poppins||||||||&#8220; text_text_color=&#8220;rgba(0,0,0,0.4)&#8220; text_font_size=&#8220;16px&#8220; text_line_height=&#8220;1.9em&#8220; header_font=&#8220;||||||||&#8220; header_2_font=&#8220;||||||||&#8220; text_orientation=&#8220;center&#8220; max_width=&#8220;700px&#8220; module_alignment=&#8220;center&#8220; global_colors_info=&#8220;{}&#8220;]<\/p>\n<p><span>Der Deutsche Fleischerverband berechtigt die Metzgerei Vogel das \u201ef\u201c Qualit\u00e4tspr\u00fcfzeichen zu f\u00fchren. Die neutrale Qualit\u00e4tspr\u00fcfung\u00a0 hat \u00fcberzeugt.<\/span><\/p>\n<p>[\/et_pb_text][\/et_pb_column][\/et_pb_row][et_pb_row column_structure=&#8220;1_4,1_4,1_4,1_4&#8243; use_custom_gutter=&#8220;on&#8220; gutter_width=&#8220;2&#8243; _builder_version=&#8220;4.16&#8243; global_colors_info=&#8220;{}&#8220;][et_pb_column type=&#8220;1_4&#8243; _builder_version=&#8220;4.16&#8243; custom_padding=&#8220;|||&#8220; global_colors_info=&#8220;{}&#8220; custom_padding__hover=&#8220;|||&#8220;][et_pb_image src=&#8220;https:\/\/metzgereivogel.de\/wp-content\/uploads\/2020\/09\/Urkunde_3_2_004.jpg&#8220; title_text=&#8220;Urkunde_3_2_004&#8243; url=&#8220;#&#8220; use_overlay=&#8220;on&#8220; overlay_icon_color=&#8220;#ffffff&#8220; hover_overlay_color=&#8220;rgba(255,86,117,0.73)&#8220; hover_icon=&#8220;&#xe03e;||divi||400&#8243; force_fullwidth=&#8220;on&#8220; align_tablet=&#8220;center&#8220; align_phone=&#8220;&#8220; align_last_edited=&#8220;on|desktop&#8220; _builder_version=&#8220;4.16&#8243; module_alignment=&#8220;left&#8220; animation_style=&#8220;fade&#8220; border_width_all=&#8220;3px&#8220; border_color_all=&#8220;#ffffff&#8220; global_colors_info=&#8220;{}&#8220;][\/et_pb_image][et_pb_text _builder_version=&#8220;4.16&#8243; _module_preset=&#8220;default&#8220; global_colors_info=&#8220;{}&#8220;]<\/p>\n<p style=\"text-align: center;\"><span>Der Landesinnungsverband f\u00fcr das bayerische Fleischerhandwerk verleiht der Metzgerei Vogel die h\u00f6chste Punktzahl f\u00fcr ihre\u00a0<\/span><span>Wei\u00dfe Hausmacher Stadtwurst<\/span><\/p>\n<p>[\/et_pb_text][et_pb_divider _builder_version=&#8220;4.16&#8243; _module_preset=&#8220;default&#8220; global_colors_info=&#8220;{}&#8220;][\/et_pb_divider][\/et_pb_column][et_pb_column type=&#8220;1_4&#8243; _builder_version=&#8220;4.16&#8243; custom_padding=&#8220;|||&#8220; global_colors_info=&#8220;{}&#8220; custom_padding__hover=&#8220;|||&#8220;][et_pb_image src=&#8220;https:\/\/metzgereivogel.de\/wp-content\/uploads\/2020\/09\/Urkunde_3_2_002.jpg&#8220; title_text=&#8220;Urkunde_3_2_002&#8243; force_fullwidth=&#8220;on&#8220; _builder_version=&#8220;4.16&#8243; _module_preset=&#8220;default&#8220; border_width_all=&#8220;3px&#8220; border_color_all=&#8220;#ffffff&#8220; global_colors_info=&#8220;{}&#8220;][\/et_pb_image][et_pb_text _builder_version=&#8220;4.16&#8243; _module_preset=&#8220;default&#8220; global_colors_info=&#8220;{}&#8220;]<\/p>\n<p style=\"text-align: center;\"><span>Der Landesinnungsverband f\u00fcr das bayerische Fleischerhandwerk verleiht der Metzgerei Vogel die h\u00f6chste Punktzahl f\u00fcr ihren\u00a0<\/span><span>Nu\u00dfschinken gekocht<\/span><\/p>\n<p>[\/et_pb_text][et_pb_divider _builder_version=&#8220;4.16&#8243; _module_preset=&#8220;default&#8220; global_colors_info=&#8220;{}&#8220;][\/et_pb_divider][\/et_pb_column][et_pb_column type=&#8220;1_4&#8243; _builder_version=&#8220;4.16&#8243; custom_padding=&#8220;|||&#8220; global_colors_info=&#8220;{}&#8220; custom_padding__hover=&#8220;|||&#8220;][et_pb_image src=&#8220;https:\/\/metzgereivogel.de\/wp-content\/uploads\/2020\/09\/Urkunde_3_2_001.jpg&#8220; title_text=&#8220;Urkunde_3_2_001&#8243; force_fullwidth=&#8220;on&#8220; _builder_version=&#8220;4.16&#8243; _module_preset=&#8220;default&#8220; border_width_all=&#8220;3px&#8220; border_color_all=&#8220;#ffffff&#8220; global_colors_info=&#8220;{}&#8220;][\/et_pb_image][et_pb_text _builder_version=&#8220;4.16&#8243; _module_preset=&#8220;default&#8220; global_colors_info=&#8220;{}&#8220;]<\/p>\n<p style=\"text-align: center;\"><span>Der Deutsche Fleischerverband berechtigt die Metzgerei Vogel das \u201ef\u201c Qualit\u00e4tspr\u00fcfzeichen zu f\u00fchren. Die neutrale Qualit\u00e4tspr\u00fcfung der Haussalami hat \u00fcberzeugt.<\/span><\/p>\n<p>[\/et_pb_text][et_pb_divider _builder_version=&#8220;4.16&#8243; _module_preset=&#8220;default&#8220; global_colors_info=&#8220;{}&#8220;][\/et_pb_divider][\/et_pb_column][et_pb_column type=&#8220;1_4&#8243; _builder_version=&#8220;4.16&#8243; custom_padding=&#8220;|||&#8220; global_colors_info=&#8220;{}&#8220; custom_padding__hover=&#8220;|||&#8220;][et_pb_image src=&#8220;https:\/\/metzgereivogel.de\/wp-content\/uploads\/2020\/09\/Urkunde_3_2_002.jpg&#8220; title_text=&#8220;Urkunde_3_2_002&#8243; force_fullwidth=&#8220;on&#8220; _builder_version=&#8220;4.16&#8243; _module_preset=&#8220;default&#8220; border_width_all=&#8220;3px&#8220; border_color_all=&#8220;#ffffff&#8220; global_colors_info=&#8220;{}&#8220;][\/et_pb_image][et_pb_text _builder_version=&#8220;4.16&#8243; _module_preset=&#8220;default&#8220; global_colors_info=&#8220;{}&#8220;]<\/p>\n<p style=\"text-align: center;\"><span>Der Landesinnungsverband f\u00fcr das bayerische Fleischerhandwerk verleiht der Metzgerei Vogel die h\u00f6chste Punktzahl f\u00fcr ihren\u00a0<\/span><span>Nu\u00dfschinken gekocht<\/span><\/p>\n<p>[\/et_pb_text][et_pb_divider _builder_version=&#8220;4.16&#8243; _module_preset=&#8220;default&#8220; global_colors_info=&#8220;{}&#8220;][\/et_pb_divider][\/et_pb_column][\/et_pb_row][\/et_pb_section]<\/p>\n","protected":false},"excerpt":{"rendered":"<p>Unser Betrieb in UrsulapoppenrichtWir fertigen nach alter Tradition seit \u00fcber 70 Jahren in der 3. Generation Fleisch- und Wurstspezialit\u00e4ten. Die hohe Qualit\u00e4t unserer Produkte, der feine Geschmack und die gro\u00dfe Auswahl an regionalen Spezialit\u00e4ten, haben uns bekannt gemacht. Mit viel Liebe &amp; Sorgfalt gehen wir unserem Handwerk nach und sorgen daf\u00fcr, dass der Genuss und [&hellip;]<\/p>\n","protected":false},"author":1,"featured_media":0,"parent":0,"menu_order":0,"comment_status":"closed","ping_status":"closed","template":"","meta":{"_et_pb_use_builder":"on","_et_pb_old_content":"","_et_gb_content_width":"","footnotes":""},"class_list":["post-282","page","type-page","status-publish","hentry"],"_links":{"self":[{"href":"https:\/\/metzgereivogel.de\/index.php?rest_route=\/wp\/v2\/pages\/282","targetHints":{"allow":["GET"]}}],"collection":[{"href":"https:\/\/metzgereivogel.de\/index.php?rest_route=\/wp\/v2\/pages"}],"about":[{"href":"https:\/\/metzgereivogel.de\/index.php?rest_route=\/wp\/v2\/types\/page"}],"author":[{"embeddable":true,"href":"https:\/\/metzgereivogel.de\/index.php?rest_route=\/wp\/v2\/users\/1"}],"replies":[{"embeddable":true,"href":"https:\/\/metzgereivogel.de\/index.php?rest_route=%2Fwp%2Fv2%2Fcomments&post=282"}],"version-history":[{"count":25,"href":"https:\/\/metzgereivogel.de\/index.php?rest_route=\/wp\/v2\/pages\/282\/revisions"}],"predecessor-version":[{"id":787,"href":"https:\/\/metzgereivogel.de\/index.php?rest_route=\/wp\/v2\/pages\/282\/revisions\/787"}],"wp:attachment":[{"href":"https:\/\/metzgereivogel.de\/index.php?rest_route=%2Fwp%2Fv2%2Fmedia&parent=282"}],"curies":[{"name":"wp","href":"https:\/\/api.w.org\/{rel}","templated":true}]}}